{"id":240640,"date":"2024-02-09T19:38:20","date_gmt":"2024-02-09T18:38:20","guid":{"rendered":"https:\/\/luxecarexport.fr\/?page_id=240640"},"modified":"2024-03-08T11:38:15","modified_gmt":"2024-03-08T10:38:15","slug":"conditions-generales-utilisation","status":"publish","type":"page","link":"https:\/\/luxecarexport.fr\/es\/conditions-generales-utilisation\/","title":{"rendered":"T\u00e9rminos y Condiciones generales de uso"},"content":{"rendered":"[et_pb_section fb_built=\u00a0\u00bb1&Prime; _builder_version=\u00a0\u00bb4.24.0&Prime; _module_preset=\u00a0\u00bbdefault\u00a0\u00bb background_color=\u00a0\u00bbrgba(0,0,0,0.3)\u00a0\u00bb background_image=\u00a0\u00bbhttps:\/\/luxecarexport.fr\/wp-content\/uploads\/2024\/02\/conditions-generales-utilisation-luxe-car-export-scaled.jpg\u00a0\u00bb background_blend=\u00a0\u00bboverlay\u00a0\u00bb height=\u00a0\u00bb100vh\u00a0\u00bb border_radii=\u00a0\u00bboff|||40px|40px\u00a0\u00bb locked=\u00a0\u00bboff\u00a0\u00bb global_colors_info=\u00a0\u00bb{}\u00a0\u00bb][et_pb_row custom_padding_last_edited=\u00a0\u00bbon|phone\u00a0\u00bb _builder_version=\u00a0\u00bb4.24.0&Prime; _module_preset=\u00a0\u00bbdefault\u00a0\u00bb max_width_tablet=\u00a0\u00bb70%\u00a0\u00bb max_width_phone=\u00a0\u00bb100%\u00a0\u00bb max_width_last_edited=\u00a0\u00bbon|desktop\u00a0\u00bb custom_margin=\u00a0\u00bb||||false|false\u00a0\u00bb custom_padding=\u00a0\u00bb250px||||false|false\u00a0\u00bb custom_padding_tablet=\u00a0\u00bb170px||||false|false\u00a0\u00bb custom_padding_phone=\u00a0\u00bb150px||||false|false\u00a0\u00bb animation_style=\u00a0\u00bbfade\u00a0\u00bb global_colors_info=\u00a0\u00bb{}\u00a0\u00bb][et_pb_column type=\u00a0\u00bb4_4&Prime; _builder_version=\u00a0\u00bb4.17.4&Prime; _module_preset=\u00a0\u00bbdefault\u00a0\u00bb global_colors_info=\u00a0\u00bb{}\u00a0\u00bb][et_pb_text _builder_version=\u00a0\u00bb4.24.0&Prime; _module_preset=\u00a0\u00bbdefault\u00a0\u00bb text_font=\u00a0\u00bb||||||||\u00a0\u00bb text_text_color=\u00a0\u00bb#FFFFFF\u00a0\u00bb text_font_size=\u00a0\u00bb18px\u00a0\u00bb header_font=\u00a0\u00bbFactor A Bold||||||||\u00a0\u00bb header_text_align=\u00a0\u00bbleft\u00a0\u00bb header_text_color=\u00a0\u00bb#FFFFFF\u00a0\u00bb header_font_size=\u00a0\u00bb50px\u00a0\u00bb header_line_height=\u00a0\u00bb1.1em\u00a0\u00bb header_2_font=\u00a0\u00bbSackersGothicStd-Med||||||||\u00a0\u00bb header_2_font_size=\u00a0\u00bb50px\u00a0\u00bb header_3_font_size=\u00a0\u00bb50px\u00a0\u00bb header_4_font_size=\u00a0\u00bb50px\u00a0\u00bb header_5_font_size=\u00a0\u00bb50px\u00a0\u00bb header_6_font_size=\u00a0\u00bb50px\u00a0\u00bb header_font_size_tablet=\u00a0\u00bb\u00a0\u00bb header_font_size_phone=\u00a0\u00bb40px\u00a0\u00bb header_font_size_last_edited=\u00a0\u00bbon|desktop\u00a0\u00bb header_2_font_size_tablet=\u00a0\u00bb\u00a0\u00bb header_2_font_size_phone=\u00a0\u00bb40px\u00a0\u00bb header_2_font_size_last_edited=\u00a0\u00bbon|phone\u00a0\u00bb header_3_font_size_tablet=\u00a0\u00bb\u00a0\u00bb header_3_font_size_phone=\u00a0\u00bb40px\u00a0\u00bb header_3_font_size_last_edited=\u00a0\u00bbon|phone\u00a0\u00bb header_4_font_size_tablet=\u00a0\u00bb\u00a0\u00bb header_4_font_size_phone=\u00a0\u00bb40px\u00a0\u00bb header_4_font_size_last_edited=\u00a0\u00bbon|phone\u00a0\u00bb header_5_font_size_tablet=\u00a0\u00bb\u00a0\u00bb header_5_font_size_phone=\u00a0\u00bb40px\u00a0\u00bb header_5_font_size_last_edited=\u00a0\u00bbon|phone\u00a0\u00bb header_6_font_size_tablet=\u00a0\u00bb\u00a0\u00bb header_6_font_size_phone=\u00a0\u00bb40px\u00a0\u00bb header_6_font_size_last_edited=\u00a0\u00bbon|phone\u00a0\u00bb global_colors_info=\u00a0\u00bb{}\u00a0\u00bb]<h1 style=\"text-align: center;\">T\u00e9rminos y Condiciones generales de uso<\/h1>[\/et_pb_text][\/et_pb_column][\/et_pb_row][\/et_pb_section][et_pb_section fb_built=\u00a0\u00bb1&Prime; _builder_version=\u00a0\u00bb4.24.0&Prime; _module_preset=\u00a0\u00bbdefault\u00a0\u00bb custom_padding=\u00a0\u00bb||0px|||\u00a0\u00bb global_colors_info=\u00a0\u00bb{}\u00a0\u00bb][et_pb_row _builder_version=\u00a0\u00bb4.24.0&Prime; _module_preset=\u00a0\u00bbdefault\u00a0\u00bb custom_margin=\u00a0\u00bb|auto||auto|false|false\u00a0\u00bb global_colors_info=\u00a0\u00bb{}\u00a0\u00bb][et_pb_column type=\u00a0\u00bb4_4&Prime; _builder_version=\u00a0\u00bb4.24.0&Prime; _module_preset=\u00a0\u00bbdefault\u00a0\u00bb global_colors_info=\u00a0\u00bb{}\u00a0\u00bb][et_pb_text _builder_version=\u00a0\u00bb4.24.0&Prime; _module_preset=\u00a0\u00bbdefault\u00a0\u00bb header_2_font=\u00a0\u00bbFactor A Bold||||||||\u00a0\u00bb header_2_text_color=\u00a0\u00bb#000000&Prime; header_2_font_size=\u00a0\u00bb30px\u00a0\u00bb global_colors_info=\u00a0\u00bb{}\u00a0\u00bb]<h2 style=\"text-align: center;\">Informaci\u00f3n sobre las condiciones de uso del sitio web<\/h2>[\/et_pb_text][et_pb_text _builder_version=\u00a0\u00bb4.24.0&Prime; _module_preset=\u00a0\u00bbdefault\u00a0\u00bb text_font=\u00a0\u00bbFactor A Regular||||||||\u00a0\u00bb text_font_size=\u00a0\u00bb16px\u00a0\u00bb link_text_color=\u00a0\u00bb#000000&Prime; header_2_font=\u00a0\u00bbFactor A Bold||||||||\u00a0\u00bb header_2_text_color=\u00a0\u00bb#000000&Prime; header_2_font_size=\u00a0\u00bb30px\u00a0\u00bb header_3_font=\u00a0\u00bbFactor A Regular||||||||\u00a0\u00bb header_3_text_color=\u00a0\u00bb#000000&Prime; global_colors_info=\u00a0\u00bb{}\u00a0\u00bb]<h3 class=\"p1\"><b>1. T\u00e9rminos y Condiciones generales de uso del sitio y de los servicios que se ofrecen.<\/b><\/h3>[\/et_pb_text][et_pb_text _builder_version=\u00a0\u00bb4.24.2&Prime; _module_preset=\u00a0\u00bbdefault\u00a0\u00bb text_font=\u00a0\u00bbFactor A Regular||||||||\u00a0\u00bb text_font_size=\u00a0\u00bb18px\u00a0\u00bb link_text_color=\u00a0\u00bb#000000&Prime; header_2_font=\u00a0\u00bbFactor A Bold||||||||\u00a0\u00bb header_2_text_color=\u00a0\u00bb#000000&Prime; header_2_font_size=\u00a0\u00bb30px\u00a0\u00bb header_3_font=\u00a0\u00bbFactor A Regular||||||||\u00a0\u00bb header_3_text_color=\u00a0\u00bb#000000&Prime; hover_enabled=\u00a0\u00bb0&Prime; global_colors_info=\u00a0\u00bb{}\u00a0\u00bb sticky_enabled=\u00a0\u00bb0&Prime;]<p class=\"p1\">El uso del sitio web <a href=\"https:\/\/luxecarexport.fr\/es\/\">luxecarexport.fr<\/a> implica la aceptaci\u00f3n plena y sin reservas de las condiciones generales de uso que se describen a continuaci\u00f3n. Estos t\u00e9rminos de uso pueden ser modificados o complementados en cualquier momento, los usuarios del sitio <a href=\"https:\/\/luxecarexport.fr\/es\/\">luxecarexport.fr<\/a> por tanto, se invita a consultar sobre una base regular.<\/p>\n<p class=\"p1\">Este sitio es normalmente accesible a los usuarios en cualquier momento. Una interrupci\u00f3n debido a un t\u00e9cnico de mantenimiento puede ser, sin embargo, se decidi\u00f3 por Coches de Lujo de Exportaci\u00f3n, que a continuaci\u00f3n esfuerzo para comunicar a los usuarios antes de las fechas y horas de la intervenci\u00f3n.<\/p>\n<p class=\"p1\">El sitio <a href=\"https:\/\/luxecarexport.fr\/es\/\">luxecarexport.fr<\/a> se actualiza peri\u00f3dicamente por Abdelhalim Berdal. De la misma manera, el aviso legal puede ser modificado en cualquier momento : de imponer el embargo de usuario en la que se invita a referir a ellos como a menudo como sea posible con el fin de familiarizarse.<\/p>[\/et_pb_text][et_pb_text _builder_version=\u00a0\u00bb4.24.0&Prime; _module_preset=\u00a0\u00bbdefault\u00a0\u00bb text_font=\u00a0\u00bbFactor A Regular||||||||\u00a0\u00bb text_font_size=\u00a0\u00bb16px\u00a0\u00bb link_text_color=\u00a0\u00bb#000000&Prime; header_2_font=\u00a0\u00bbFactor A Bold||||||||\u00a0\u00bb header_2_text_color=\u00a0\u00bb#000000&Prime; header_2_font_size=\u00a0\u00bb30px\u00a0\u00bb header_3_font=\u00a0\u00bbFactor A Regular||||||||\u00a0\u00bb header_3_text_color=\u00a0\u00bb#000000&Prime; global_colors_info=\u00a0\u00bb{}\u00a0\u00bb]<h3 class=\"p1\"><b>2. Descripci\u00f3n de los servicios prestados.<\/b><\/h3>[\/et_pb_text][et_pb_text _builder_version=\u00a0\u00bb4.24.2&Prime; _module_preset=\u00a0\u00bbdefault\u00a0\u00bb text_font=\u00a0\u00bbFactor A Regular||||||||\u00a0\u00bb text_font_size=\u00a0\u00bb18px\u00a0\u00bb link_text_color=\u00a0\u00bb#000000&Prime; header_2_font=\u00a0\u00bbFactor A Bold||||||||\u00a0\u00bb header_2_text_color=\u00a0\u00bb#000000&Prime; header_2_font_size=\u00a0\u00bb30px\u00a0\u00bb header_3_font=\u00a0\u00bbFactor A Regular||||||||\u00a0\u00bb header_3_text_color=\u00a0\u00bb#000000&Prime; hover_enabled=\u00a0\u00bb0&Prime; global_colors_info=\u00a0\u00bb{}\u00a0\u00bb sticky_enabled=\u00a0\u00bb0&Prime;]<p class=\"p1\">El sitio <a href=\"https:\/\/luxecarexport.fr\/es\/\">luxecarexport.fr<\/a> para el prop\u00f3sito de proporcionar informaci\u00f3n sobre todas las actividades de la empresa.<\/p>\n<p class=\"p1\">Coche de lujo de Exportaci\u00f3n se esfuerza por proporcionar en el sitio <a href=\"https:\/\/luxecarexport.fr\/es\/\">luxecarexport.fr<\/a> la informaci\u00f3n que sea lo m\u00e1s preciso posible. Sin embargo, no se hace responsable de las omisiones, imprecisiones y deficiencias en la actualizaci\u00f3n, si su hecho o de la tercera parte de los socios que proporcionan esta informaci\u00f3n.<\/p>\n<p class=\"p1\">Toda la informaci\u00f3n que aparece en el sitio <a href=\"https:\/\/luxecarexport.fr\/es\/\">luxecarexport.fr<\/a> los datos son indicativos y est\u00e1n sujetos a cambio. Adem\u00e1s, la informaci\u00f3n contenida en el sitio <a href=\"https:\/\/luxecarexport.fr\/es\/\">luxecarexport.fr<\/a><span class=\"Apple-converted-space\">\u00a0 <\/span>no son exhaustivas. Est\u00e1n sujetos a modificaciones de haber sido hecha ya est\u00e1n en l\u00ednea.<\/p>[\/et_pb_text][et_pb_text _builder_version=\u00a0\u00bb4.24.0&Prime; _module_preset=\u00a0\u00bbdefault\u00a0\u00bb text_font=\u00a0\u00bbFactor A Regular||||||||\u00a0\u00bb text_font_size=\u00a0\u00bb16px\u00a0\u00bb link_text_color=\u00a0\u00bb#000000&Prime; header_2_font=\u00a0\u00bbFactor A Bold||||||||\u00a0\u00bb header_2_text_color=\u00a0\u00bb#000000&Prime; header_2_font_size=\u00a0\u00bb30px\u00a0\u00bb header_3_font=\u00a0\u00bbFactor A Regular||||||||\u00a0\u00bb header_3_text_color=\u00a0\u00bb#000000&Prime; global_colors_info=\u00a0\u00bb{}\u00a0\u00bb]<h3 class=\"p1\"><b>3. Limitaciones contractuales sobre los datos t\u00e9cnicos.<\/b><\/h3>[\/et_pb_text][et_pb_text _builder_version=\u00a0\u00bb4.24.2&Prime; _module_preset=\u00a0\u00bbdefault\u00a0\u00bb text_font=\u00a0\u00bbFactor A Regular||||||||\u00a0\u00bb text_font_size=\u00a0\u00bb18px\u00a0\u00bb link_text_color=\u00a0\u00bb#000000&Prime; header_2_font=\u00a0\u00bbFactor A Bold||||||||\u00a0\u00bb header_2_text_color=\u00a0\u00bb#000000&Prime; header_2_font_size=\u00a0\u00bb30px\u00a0\u00bb header_3_font=\u00a0\u00bbFactor A Regular||||||||\u00a0\u00bb header_3_text_color=\u00a0\u00bb#000000&Prime; hover_enabled=\u00a0\u00bb0&Prime; global_colors_info=\u00a0\u00bb{}\u00a0\u00bb sticky_enabled=\u00a0\u00bb0&Prime;]<p class=\"p1\">El sitio utiliza la tecnolog\u00eda JavaScript.<\/p>\n<p class=\"p1\">El sitio web no se hace responsable por da\u00f1os relacionados con el uso del sitio web. Adem\u00e1s, el usuario del sitio se compromete a acceder al sitio utilizando equipo reciente, que no contiene el virus y con un navegador de \u00faltima generaci\u00f3n para arriba-a-fecha.<\/p>[\/et_pb_text][et_pb_text _builder_version=\u00a0\u00bb4.24.0&Prime; _module_preset=\u00a0\u00bbdefault\u00a0\u00bb text_font=\u00a0\u00bbFactor A Regular||||||||\u00a0\u00bb text_font_size=\u00a0\u00bb16px\u00a0\u00bb link_text_color=\u00a0\u00bb#000000&Prime; header_2_font=\u00a0\u00bbFactor A Bold||||||||\u00a0\u00bb header_2_text_color=\u00a0\u00bb#000000&Prime; header_2_font_size=\u00a0\u00bb30px\u00a0\u00bb header_3_font=\u00a0\u00bbFactor A Regular||||||||\u00a0\u00bb header_3_text_color=\u00a0\u00bb#000000&Prime; global_colors_info=\u00a0\u00bb{}\u00a0\u00bb]<h3 class=\"p1\"><b>4. La propiedad intelectual y los productos falsificados.<\/b><\/h3>[\/et_pb_text][et_pb_text _builder_version=\u00a0\u00bb4.24.2&Prime; _module_preset=\u00a0\u00bbdefault\u00a0\u00bb text_font=\u00a0\u00bbFactor A Regular||||||||\u00a0\u00bb text_font_size=\u00a0\u00bb18px\u00a0\u00bb link_text_color=\u00a0\u00bb#000000&Prime; header_2_font=\u00a0\u00bbFactor A Bold||||||||\u00a0\u00bb header_2_text_color=\u00a0\u00bb#000000&Prime; header_2_font_size=\u00a0\u00bb30px\u00a0\u00bb header_3_font=\u00a0\u00bbFactor A Regular||||||||\u00a0\u00bb header_3_text_color=\u00a0\u00bb#000000&Prime; hover_enabled=\u00a0\u00bb0&Prime; global_colors_info=\u00a0\u00bb{}\u00a0\u00bb sticky_enabled=\u00a0\u00bb0&Prime;]<p class=\"p1\">De lujo, Porque la Exportaci\u00f3n es el propietario de los derechos de propiedad intelectual u ostenta los derechos de uso sobre todos los elementos accesibles en el sitio, incluyendo texto, im\u00e1genes, gr\u00e1ficos, logotipos, iconos, sonidos, software.<\/p>\n<p class=\"p1\">Cualquier reproducci\u00f3n, representaci\u00f3n, modificaci\u00f3n, publicaci\u00f3n, adaptaci\u00f3n de la totalidad o parte de la web, cualquiera que sea el medio o proceso utilizado, est\u00e1 prohibido, excepto con el permiso previo por escrito de : de Lujo, Debido a la Exportaci\u00f3n.<\/p>\n<p class=\"p1\">Cualquier explotaci\u00f3n no autorizada del sitio o de cualquiera de los elementos que contiene, ser\u00e1 considerado como constitutivo de una infracci\u00f3n y enjuiciados de conformidad con las disposiciones de los art\u00edculos L. 335-2 y siguientes del C\u00f3digo franc\u00e9s de Propiedad Intelectual.<\/p>[\/et_pb_text][et_pb_text _builder_version=\u00a0\u00bb4.24.0&Prime; _module_preset=\u00a0\u00bbdefault\u00a0\u00bb text_font=\u00a0\u00bbFactor A Regular||||||||\u00a0\u00bb text_font_size=\u00a0\u00bb16px\u00a0\u00bb link_text_color=\u00a0\u00bb#000000&Prime; header_2_font=\u00a0\u00bbFactor A Bold||||||||\u00a0\u00bb header_2_text_color=\u00a0\u00bb#000000&Prime; header_2_font_size=\u00a0\u00bb30px\u00a0\u00bb header_3_font=\u00a0\u00bbFactor A Regular||||||||\u00a0\u00bb header_3_text_color=\u00a0\u00bb#000000&Prime; global_colors_info=\u00a0\u00bb{}\u00a0\u00bb]<h3 class=\"p1\"><b>5. Limitaciones de responsabilidad.<\/b><\/h3>[\/et_pb_text][et_pb_text _builder_version=\u00a0\u00bb4.24.2&Prime; _module_preset=\u00a0\u00bbdefault\u00a0\u00bb text_font=\u00a0\u00bbFactor A Regular||||||||\u00a0\u00bb text_font_size=\u00a0\u00bb18px\u00a0\u00bb link_text_color=\u00a0\u00bb#000000&Prime; header_2_font=\u00a0\u00bbFactor A Bold||||||||\u00a0\u00bb header_2_text_color=\u00a0\u00bb#000000&Prime; header_2_font_size=\u00a0\u00bb30px\u00a0\u00bb header_3_font=\u00a0\u00bbFactor A Regular||||||||\u00a0\u00bb header_3_text_color=\u00a0\u00bb#000000&Prime; hover_enabled=\u00a0\u00bb0&Prime; global_colors_info=\u00a0\u00bb{}\u00a0\u00bb sticky_enabled=\u00a0\u00bb0&Prime;]<p class=\"p1\">Coche de lujo de Exportaci\u00f3n no puede ser considerado responsable de los da\u00f1os directos e indirectos causados a los equipos de usuario, al acceder al sitio <a href=\"https:\/\/luxecarexport.fr\/es\/\">luxecarexport.fr<\/a>y que sea el resultado de la utilizaci\u00f3n de un material no cumple con las especificaciones indicadas en el punto 4, la aparici\u00f3n de un error o incompatibilidad.<\/p>\n<p class=\"p1\">Coche de lujo de Exportaci\u00f3n no ser\u00e1 responsable por da\u00f1os indirectos (como por ejemplo, una p\u00e9rdida de mercado o la p\u00e9rdida de oportunidad) que surjan del uso del sitio <a href=\"https:\/\/luxecarexport.fr\/es\/\">luxecarexport.fr<\/a><\/p>\n<p class=\"p1\">Espacios interactivos (posibilidad de hacer preguntas en el espacio de contacto) est\u00e1n disponibles para los usuarios. Coche de lujo de Exportaci\u00f3n se reserva el derecho a eliminar, sin previo aviso, cualquier contenido depositado en este espacio que viole la ley aplicable en Francia, en particular, las disposiciones relativas a la protecci\u00f3n de datos.<\/p>\n<p class=\"p1\">Si es necesario, un Lujo, Porque la Exportaci\u00f3n tambi\u00e9n se reserva el derecho a interrogar a los civiles y\/o penales de usuario, especialmente en casos de post racista, ofensivo, difamatorio o pornogr\u00e1fico, cualquiera que sea el medio utilizado (texto, fotograf\u00eda...).las 4 de la ley n\u00b0 78-17 de 6 de enero de 1978).<\/p>[\/et_pb_text][\/et_pb_column][\/et_pb_row][\/et_pb_section]","protected":false},"excerpt":{"rendered":"<p>Conditions g\u00e9n\u00e9rales d&rsquo;utilisationInformations sur les conditions d&rsquo;utilisation du site internet1. Conditions g\u00e9n\u00e9rales d\u2019utilisation du site et des services propos\u00e9s.L\u2019utilisation du site luxecarexport.fr implique l\u2019acceptation pleine et enti\u00e8re des conditions g\u00e9n\u00e9rales d\u2019utilisation ci-apr\u00e8s d\u00e9crites. Ces conditions d\u2019utilisation sont susceptibles d\u2019\u00eatre modifi\u00e9es ou compl\u00e9t\u00e9es \u00e0 tout moment, les utilisateurs du site luxecarexport.fr sont donc invit\u00e9s \u00e0 les [&hellip;]<\/p>","protected":false},"author":1,"featured_media":240637,"parent":0,"menu_order":0,"comment_status":"closed","ping_status":"closed","template":"","meta":{"_et_pb_use_builder":"on","_et_pb_old_content":"<!-- wp:divi\/placeholder \/-->","_et_gb_content_width":"","_vp_format_video_url":"","_vp_image_focal_point":[],"footnotes":""},"class_list":["post-240640","page","type-page","status-publish","has-post-thumbnail","hentry"],"yoast_head":"<!-- This site is optimized with the Yoast SEO plugin v27.5 - https:\/\/yoast.com\/product\/yoast-seo-wordpress\/ -->\n<title>Conditions g\u00e9n\u00e9rales d&#039;utilisation du site internet Luxe Car Export<\/title>\n<meta name=\"description\" content=\"D\u00e9couvrez les conditions g\u00e9n\u00e9rales d&#039;utilisation du site internet de Luxe Car Export.\" \/>\n<meta name=\"robots\" content=\"index, follow, max-snippet:-1, max-image-preview:large, max-video-preview:-1\" \/>\n<link rel=\"canonical\" href=\"https:\/\/luxecarexport.fr\/es\/conditions-generales-utilisation\/\" \/>\n<meta property=\"og:locale\" content=\"es_ES\" \/>\n<meta property=\"og:type\" content=\"article\" \/>\n<meta property=\"og:title\" content=\"Conditions g\u00e9n\u00e9rales d&#039;utilisation du site internet Luxe Car Export\" \/>\n<meta property=\"og:description\" content=\"D\u00e9couvrez les conditions g\u00e9n\u00e9rales d&#039;utilisation du site internet de Luxe Car Export.\" \/>\n<meta property=\"og:url\" content=\"https:\/\/luxecarexport.fr\/es\/conditions-generales-utilisation\/\" \/>\n<meta property=\"og:site_name\" content=\"Luxe Car Export - Importer un v\u00e9hicule de Dubai\" \/>\n<meta property=\"article:modified_time\" content=\"2024-03-08T10:38:15+00:00\" \/>\n<meta property=\"og:image\" content=\"https:\/\/luxecarexport.fr\/wp-content\/uploads\/2024\/02\/conditions-generales-utilisation-luxe-car-export-scaled.jpg\" \/>\n\t<meta property=\"og:image:width\" content=\"2560\" \/>\n\t<meta property=\"og:image:height\" content=\"1707\" \/>\n\t<meta property=\"og:image:type\" content=\"image\/jpeg\" \/>\n<meta name=\"twitter:card\" content=\"summary_large_image\" \/>\n<meta name=\"twitter:label1\" content=\"Tiempo de lectura\" \/>\n\t<meta name=\"twitter:data1\" content=\"4 minutos\" \/>\n<script type=\"application\/ld+json\" class=\"yoast-schema-graph\">{\"@context\":\"https:\\\/\\\/schema.org\",\"@graph\":[{\"@type\":\"WebPage\",\"@id\":\"https:\\\/\\\/luxecarexport.fr\\\/conditions-generales-utilisation\\\/\",\"url\":\"https:\\\/\\\/luxecarexport.fr\\\/conditions-generales-utilisation\\\/\",\"name\":\"Conditions g\u00e9n\u00e9rales d'utilisation du site internet Luxe Car Export\",\"isPartOf\":{\"@id\":\"https:\\\/\\\/luxecarexport.fr\\\/#website\"},\"primaryImageOfPage\":{\"@id\":\"https:\\\/\\\/luxecarexport.fr\\\/conditions-generales-utilisation\\\/#primaryimage\"},\"image\":{\"@id\":\"https:\\\/\\\/luxecarexport.fr\\\/conditions-generales-utilisation\\\/#primaryimage\"},\"thumbnailUrl\":\"https:\\\/\\\/luxecarexport.fr\\\/wp-content\\\/uploads\\\/2024\\\/02\\\/conditions-generales-utilisation-luxe-car-export-scaled.jpg\",\"datePublished\":\"2024-02-09T18:38:20+00:00\",\"dateModified\":\"2024-03-08T10:38:15+00:00\",\"description\":\"D\u00e9couvrez les conditions g\u00e9n\u00e9rales d'utilisation du site internet de Luxe Car Export.\",\"breadcrumb\":{\"@id\":\"https:\\\/\\\/luxecarexport.fr\\\/conditions-generales-utilisation\\\/#breadcrumb\"},\"inLanguage\":\"es\",\"potentialAction\":[{\"@type\":\"ReadAction\",\"target\":[\"https:\\\/\\\/luxecarexport.fr\\\/conditions-generales-utilisation\\\/\"]}]},{\"@type\":\"ImageObject\",\"inLanguage\":\"es\",\"@id\":\"https:\\\/\\\/luxecarexport.fr\\\/conditions-generales-utilisation\\\/#primaryimage\",\"url\":\"https:\\\/\\\/luxecarexport.fr\\\/wp-content\\\/uploads\\\/2024\\\/02\\\/conditions-generales-utilisation-luxe-car-export-scaled.jpg\",\"contentUrl\":\"https:\\\/\\\/luxecarexport.fr\\\/wp-content\\\/uploads\\\/2024\\\/02\\\/conditions-generales-utilisation-luxe-car-export-scaled.jpg\",\"width\":2560,\"height\":1707,\"caption\":\"conditions-ge\u0301ne\u0301rales-utilisation-luxe-car-export\"},{\"@type\":\"BreadcrumbList\",\"@id\":\"https:\\\/\\\/luxecarexport.fr\\\/conditions-generales-utilisation\\\/#breadcrumb\",\"itemListElement\":[{\"@type\":\"ListItem\",\"position\":1,\"name\":\"Accueil\",\"item\":\"https:\\\/\\\/luxecarexport.fr\\\/\"},{\"@type\":\"ListItem\",\"position\":2,\"name\":\"Conditions g\u00e9n\u00e9rales d&rsquo;utilisation\"}]},{\"@type\":\"WebSite\",\"@id\":\"https:\\\/\\\/luxecarexport.fr\\\/#website\",\"url\":\"https:\\\/\\\/luxecarexport.fr\\\/\",\"name\":\"Luxe Car Export - Importer votre v\u00e9hicule de Dubai\",\"description\":\"Site internet de la soci\u00e9t\u00e9 Luxe Car Export - sp\u00e9cialiste de l&#039;importation de v\u00e9hicules en provenance du Dubai, des Emirats.\",\"publisher\":{\"@id\":\"https:\\\/\\\/luxecarexport.fr\\\/#organization\"},\"potentialAction\":[{\"@type\":\"SearchAction\",\"target\":{\"@type\":\"EntryPoint\",\"urlTemplate\":\"https:\\\/\\\/luxecarexport.fr\\\/?s={search_term_string}\"},\"query-input\":{\"@type\":\"PropertyValueSpecification\",\"valueRequired\":true,\"valueName\":\"search_term_string\"}}],\"inLanguage\":\"es\"},{\"@type\":\"Organization\",\"@id\":\"https:\\\/\\\/luxecarexport.fr\\\/#organization\",\"name\":\"Luxe Car Export - Importer votre v\u00e9hicule de Dubai\",\"url\":\"https:\\\/\\\/luxecarexport.fr\\\/\",\"logo\":{\"@type\":\"ImageObject\",\"inLanguage\":\"es\",\"@id\":\"https:\\\/\\\/luxecarexport.fr\\\/#\\\/schema\\\/logo\\\/image\\\/\",\"url\":\"https:\\\/\\\/luxecarexport.fr\\\/wp-content\\\/uploads\\\/2024\\\/02\\\/favicon-luxe-car-export.png\",\"contentUrl\":\"https:\\\/\\\/luxecarexport.fr\\\/wp-content\\\/uploads\\\/2024\\\/02\\\/favicon-luxe-car-export.png\",\"width\":512,\"height\":512,\"caption\":\"Luxe Car Export - Importer votre v\u00e9hicule de Dubai\"},\"image\":{\"@id\":\"https:\\\/\\\/luxecarexport.fr\\\/#\\\/schema\\\/logo\\\/image\\\/\"},\"sameAs\":[\"https:\\\/\\\/wa.me\\\/c\\\/971504542788\",\"https:\\\/\\\/www.instagram.com\\\/luxecarexport\\\/\",\"https:\\\/\\\/www.tiktok.com\\\/@luxecarexport\",\"https:\\\/\\\/www.snapchat.com\\\/add\\\/luxecarexport23\"]}]}<\/script>\n<!-- \/ Yoast SEO plugin. -->","yoast_head_json":{"title":"Conditions g\u00e9n\u00e9rales d'utilisation du site internet Luxe Car Export","description":"D\u00e9couvrez les conditions g\u00e9n\u00e9rales d'utilisation du site internet de Luxe Car Export.","robots":{"index":"index","follow":"follow","max-snippet":"max-snippet:-1","max-image-preview":"max-image-preview:large","max-video-preview":"max-video-preview:-1"},"canonical":"https:\/\/luxecarexport.fr\/es\/conditions-generales-utilisation\/","og_locale":"es_ES","og_type":"article","og_title":"Conditions g\u00e9n\u00e9rales d'utilisation du site internet Luxe Car Export","og_description":"D\u00e9couvrez les conditions g\u00e9n\u00e9rales d'utilisation du site internet de Luxe Car Export.","og_url":"https:\/\/luxecarexport.fr\/es\/conditions-generales-utilisation\/","og_site_name":"Luxe Car Export - Importer un v\u00e9hicule de Dubai","article_modified_time":"2024-03-08T10:38:15+00:00","og_image":[{"width":2560,"height":1707,"url":"https:\/\/luxecarexport.fr\/wp-content\/uploads\/2024\/02\/conditions-generales-utilisation-luxe-car-export-scaled.jpg","type":"image\/jpeg"}],"twitter_card":"summary_large_image","twitter_misc":{"Tiempo de lectura":"4 minutos"},"schema":{"@context":"https:\/\/schema.org","@graph":[{"@type":"WebPage","@id":"https:\/\/luxecarexport.fr\/conditions-generales-utilisation\/","url":"https:\/\/luxecarexport.fr\/conditions-generales-utilisation\/","name":"Conditions g\u00e9n\u00e9rales d'utilisation du site internet Luxe Car Export","isPartOf":{"@id":"https:\/\/luxecarexport.fr\/#website"},"primaryImageOfPage":{"@id":"https:\/\/luxecarexport.fr\/conditions-generales-utilisation\/#primaryimage"},"image":{"@id":"https:\/\/luxecarexport.fr\/conditions-generales-utilisation\/#primaryimage"},"thumbnailUrl":"https:\/\/luxecarexport.fr\/wp-content\/uploads\/2024\/02\/conditions-generales-utilisation-luxe-car-export-scaled.jpg","datePublished":"2024-02-09T18:38:20+00:00","dateModified":"2024-03-08T10:38:15+00:00","description":"D\u00e9couvrez les conditions g\u00e9n\u00e9rales d'utilisation du site internet de Luxe Car Export.","breadcrumb":{"@id":"https:\/\/luxecarexport.fr\/conditions-generales-utilisation\/#breadcrumb"},"inLanguage":"es","potentialAction":[{"@type":"ReadAction","target":["https:\/\/luxecarexport.fr\/conditions-generales-utilisation\/"]}]},{"@type":"ImageObject","inLanguage":"es","@id":"https:\/\/luxecarexport.fr\/conditions-generales-utilisation\/#primaryimage","url":"https:\/\/luxecarexport.fr\/wp-content\/uploads\/2024\/02\/conditions-generales-utilisation-luxe-car-export-scaled.jpg","contentUrl":"https:\/\/luxecarexport.fr\/wp-content\/uploads\/2024\/02\/conditions-generales-utilisation-luxe-car-export-scaled.jpg","width":2560,"height":1707,"caption":"conditions-ge\u0301ne\u0301rales-utilisation-luxe-car-export"},{"@type":"BreadcrumbList","@id":"https:\/\/luxecarexport.fr\/conditions-generales-utilisation\/#breadcrumb","itemListElement":[{"@type":"ListItem","position":1,"name":"Accueil","item":"https:\/\/luxecarexport.fr\/"},{"@type":"ListItem","position":2,"name":"Conditions g\u00e9n\u00e9rales d&rsquo;utilisation"}]},{"@type":"WebSite","@id":"https:\/\/luxecarexport.fr\/#website","url":"https:\/\/luxecarexport.fr\/","name":"Luxe Car Export - Importer votre v\u00e9hicule de Dubai","description":"Site internet de la soci\u00e9t\u00e9 Luxe Car Export - sp\u00e9cialiste de l&#039;importation de v\u00e9hicules en provenance du Dubai, des Emirats.","publisher":{"@id":"https:\/\/luxecarexport.fr\/#organization"},"potentialAction":[{"@type":"SearchAction","target":{"@type":"EntryPoint","urlTemplate":"https:\/\/luxecarexport.fr\/?s={search_term_string}"},"query-input":{"@type":"PropertyValueSpecification","valueRequired":true,"valueName":"search_term_string"}}],"inLanguage":"es"},{"@type":"Organization","@id":"https:\/\/luxecarexport.fr\/#organization","name":"Luxe Car Export - Importer votre v\u00e9hicule de Dubai","url":"https:\/\/luxecarexport.fr\/","logo":{"@type":"ImageObject","inLanguage":"es","@id":"https:\/\/luxecarexport.fr\/#\/schema\/logo\/image\/","url":"https:\/\/luxecarexport.fr\/wp-content\/uploads\/2024\/02\/favicon-luxe-car-export.png","contentUrl":"https:\/\/luxecarexport.fr\/wp-content\/uploads\/2024\/02\/favicon-luxe-car-export.png","width":512,"height":512,"caption":"Luxe Car Export - Importer votre v\u00e9hicule de Dubai"},"image":{"@id":"https:\/\/luxecarexport.fr\/#\/schema\/logo\/image\/"},"sameAs":["https:\/\/wa.me\/c\/971504542788","https:\/\/www.instagram.com\/luxecarexport\/","https:\/\/www.tiktok.com\/@luxecarexport","https:\/\/www.snapchat.com\/add\/luxecarexport23"]}]}},"_links":{"self":[{"href":"https:\/\/luxecarexport.fr\/es\/wp-json\/wp\/v2\/pages\/240640","targetHints":{"allow":["GET"]}}],"collection":[{"href":"https:\/\/luxecarexport.fr\/es\/wp-json\/wp\/v2\/pages"}],"about":[{"href":"https:\/\/luxecarexport.fr\/es\/wp-json\/wp\/v2\/types\/page"}],"author":[{"embeddable":true,"href":"https:\/\/luxecarexport.fr\/es\/wp-json\/wp\/v2\/users\/1"}],"replies":[{"embeddable":true,"href":"https:\/\/luxecarexport.fr\/es\/wp-json\/wp\/v2\/comments?post=240640"}],"version-history":[{"count":2,"href":"https:\/\/luxecarexport.fr\/es\/wp-json\/wp\/v2\/pages\/240640\/revisions"}],"predecessor-version":[{"id":240854,"href":"https:\/\/luxecarexport.fr\/es\/wp-json\/wp\/v2\/pages\/240640\/revisions\/240854"}],"wp:featuredmedia":[{"embeddable":true,"href":"https:\/\/luxecarexport.fr\/es\/wp-json\/wp\/v2\/media\/240637"}],"wp:attachment":[{"href":"https:\/\/luxecarexport.fr\/es\/wp-json\/wp\/v2\/media?parent=240640"}],"curies":[{"name":"wp","href":"https:\/\/api.w.org\/{rel}","templated":true}]}}